{"id":117,"date":"2025-10-12T10:31:55","date_gmt":"2025-10-12T08:31:55","guid":{"rendered":"https:\/\/tamasvarga.hu\/?page_id=117"},"modified":"2025-11-30T12:15:17","modified_gmt":"2025-11-30T11:15:17","slug":"rolam","status":"publish","type":"page","link":"https:\/\/tamasvarga.hu\/?page_id=117","title":{"rendered":"R\u00f3lam"},"content":{"rendered":"\t\t<div data-elementor-type=\"wp-page\" data-elementor-id=\"117\" class=\"elementor elementor-117\" data-elementor-post-type=\"page\">\n\t\t\t\t<div class=\"elementor-element elementor-element-0a3691d e-flex e-con-boxed e-con e-parent\" data-id=\"0a3691d\" data-element_type=\"container\" data-settings=\"{&quot;jet_parallax_layout_list&quot;:[]}\">\n\t\t\t\t\t<div class=\"e-con-inner\">\n\t\t\t\t<div class=\"elementor-element elementor-element-b165aae elementor-widget elementor-widget-heading\" data-id=\"b165aae\" data-element_type=\"widget\" data-widget_type=\"heading.default\">\n\t\t\t\t\t<h2 class=\"elementor-heading-title elementor-size-default\">Varga\nTam\u00e1s<\/h2>\t\t\t\t<\/div>\n\t\t\t\t\t<\/div>\n\t\t\t\t<\/div>\n\t\t<div class=\"elementor-element elementor-element-af6b833 e-flex e-con-boxed e-con e-parent\" data-id=\"af6b833\" data-element_type=\"container\" data-settings=\"{&quot;jet_parallax_layout_list&quot;:[]}\">\n\t\t\t\t\t<div class=\"e-con-inner\">\n\t\t<div class=\"elementor-element elementor-element-0227f61 e-con-full e-flex e-con e-child\" data-id=\"0227f61\" data-element_type=\"container\" data-settings=\"{&quot;jet_parallax_layout_list&quot;:[]}\">\n\t\t\t\t<div class=\"elementor-element elementor-element-28648f0 elementor-widget elementor-widget-image\" data-id=\"28648f0\" data-element_type=\"widget\" data-widget_type=\"image.default\">\n\t\t\t\t\t\t\t\t\t\t\t\t\t\t\t<img fetchpriority=\"high\" decoding=\"async\" width=\"800\" height=\"800\" src=\"https:\/\/tamasvarga.hu\/wp-content\/uploads\/2025\/10\/VT-min-1024x1024.jpg\" class=\"attachment-large size-large wp-image-100\" alt=\"\" srcset=\"https:\/\/tamasvarga.hu\/wp-content\/uploads\/2025\/10\/VT-min-1024x1024.jpg 1024w, https:\/\/tamasvarga.hu\/wp-content\/uploads\/2025\/10\/VT-min-300x300.jpg 300w, https:\/\/tamasvarga.hu\/wp-content\/uploads\/2025\/10\/VT-min-150x150.jpg 150w, https:\/\/tamasvarga.hu\/wp-content\/uploads\/2025\/10\/VT-min-768x768.jpg 768w, https:\/\/tamasvarga.hu\/wp-content\/uploads\/2025\/10\/VT-min-1536x1536.jpg 1536w, https:\/\/tamasvarga.hu\/wp-content\/uploads\/2025\/10\/VT-min-2048x2048.jpg 2048w\" sizes=\"(max-width: 800px) 100vw, 800px\" \/>\t\t\t\t\t\t\t\t\t\t\t\t\t\t\t<\/div>\n\t\t\t\t<\/div>\n\t\t<div class=\"elementor-element elementor-element-5e7c98e e-con-full e-flex e-con e-child\" data-id=\"5e7c98e\" data-element_type=\"container\" data-settings=\"{&quot;jet_parallax_layout_list&quot;:[]}\">\n\t\t\t\t<div class=\"elementor-element elementor-element-d3b9dbe elementor-widget elementor-widget-text-editor\" data-id=\"d3b9dbe\" data-element_type=\"widget\" data-widget_type=\"text-editor.default\">\n\t\t\t\t\t\t\t\t\t<p><span class=\"s3\"><strong>Varga Tam\u00e1s<\/strong> magyar fotogr\u00e1fus, <\/span><span class=\"s3\">leg<\/span><span class=\"s3\">ink<\/span><span class=\"s3\">\u00e1bb<\/span><span class=\"s3\"> t\u00f6rt\u00e9nelmi fot\u00f3elj\u00e1r\u00e1sokkal <\/span><span class=\"s3\">k\u00e9sz\u00edti felv\u00e9teleit<\/span><span class=\"s3\">. Az ut\u00f3bbi id\u0151ben kiz\u00e1r\u00f3lag <\/span><span class=\"s3\">koll\u00f3diumos \u00e9s ez\u00fcst<\/span> <span class=\"s3\">zselatinos sz\u00e1raz \u00fcveg<\/span><span class=\"s3\"> lemez technik\u00e1kkal foglalkozik.<\/span><\/p><p><span class=\"s3\">Sz\u00e1m\u00e1ra m\u0171v\u00e9szk\u00e9nt ez az elj\u00e1r\u00e1s<\/span><span class=\"s3\"> v\u00e1lt<\/span><span class=\"s3\"> a f\u00e9nyk\u00e9pk\u00e9sz\u00edt\u00e9s term\u00e9szetes <\/span><span class=\"s3\">\u00fatj\u00e1v\u00e1.<\/span><\/p><p><span class=\"s3\">M\u0171veit 19 egy\u00e9ni, <\/span><span class=\"s3\">f\u00fcggetlen ki\u00e1ll\u00edt\u00e1son mutatt\u00e1k be, valami<\/span><span class=\"s3\">nt t\u00f6bb mint 150<\/span><span class=\"s3\"> t\u00e1rlaton <\/span><span class=\"s3\">vet<\/span><span class=\"s3\">t<\/span><span class=\"s3\">r\u00e9szt<\/span><span class=\"s3\"> Magyarorsz\u00e1gon \u00e9s<\/span> <span class=\"s3\">vil\u00e1gszerte.<\/span><\/p><p><span class=\"s3\">Sz\u00e1mos <\/span><span class=\"s3\">fotogr\u00e1fi\u00e1val foglalkoz\u00f3<\/span><span class=\"s3\"> cikk szerz\u0151je, publik\u00e1ci\u00f3i t\u00f6bb fot\u00f3albumba, szaklapba, egy\u00e9b foly\u00f3iratba, katal\u00f3gusba \u00e9s napt\u00e1rba is beker\u00fcltek<\/span><span class=\"s3\">.<\/span><span class=\"s3\"><br \/><\/span><\/p><p><span class=\"s3\">2019 \u00f3ta \u00f6t \u00f6n\u00e1ll\u00f3 fot\u00f3albuma jelent meg.<\/span><\/p><p><strong>Tam\u00e1s Varga<\/strong> is a Hungarian photographer who has been working with historic photographic processes. Recently, he has exclusively dedicated himself to collodion and silver gelatin dry glass plates. For him, as an artist, this process has become the natural way of creating photographs.<\/p><p>His works have been presented to the public in 19 individual, exclusive, independent exhibitions, as well as in more than 150 expositions both worldwide and in Hungary.<\/p><p>He is the author of many articles on the subject, and his publications have appeared in numerous photobooks, professional journals, other periodicals, catalogues, and calendars.<\/p><p>Since 2019, five independent photo albums have been published.<\/p><p>\u00a0<\/p>\t\t\t\t\t\t\t\t<\/div>\n\t\t\t\t<\/div>\n\t\t\t\t\t<\/div>\n\t\t\t\t<\/div>\n\t\t<div class=\"elementor-element elementor-element-567f488 e-flex e-con-boxed e-con e-parent\" data-id=\"567f488\" data-element_type=\"container\" data-settings=\"{&quot;jet_parallax_layout_list&quot;:[]}\">\n\t\t\t\t\t<div class=\"e-con-inner\">\n\t\t<div class=\"elementor-element elementor-element-8f5c3d2 e-con-full e-flex e-con e-child\" data-id=\"8f5c3d2\" data-element_type=\"container\" data-settings=\"{&quot;jet_parallax_layout_list&quot;:[]}\">\n\t\t\t\t<div class=\"elementor-element elementor-element-8b554bc elementor-widget elementor-widget-heading\" data-id=\"8b554bc\" data-element_type=\"widget\" data-widget_type=\"heading.default\">\n\t\t\t\t\t<h2 class=\"elementor-heading-title elementor-size-default\">artist statement<\/h2>\t\t\t\t<\/div>\n\t\t\t\t<div class=\"elementor-element elementor-element-7c92911 elementor-widget elementor-widget-text-editor\" data-id=\"7c92911\" data-element_type=\"widget\" data-widget_type=\"text-editor.default\">\n\t\t\t\t\t\t\t\t\t<p>M\u00e1r gyerekkoromban is azt gondoltam, hogy valami j\u00f3t, igazit l\u00e9trehozni nem egyszer\u0171 dolog, sokat \u00e9s hossz\u00fa ideig kell az\u00e9rt dolgozni. Ma fotogr\u00e1fusk\u00e9nt ugyanezt hiszem.<\/p><p>Munk\u00e1im z\u00f6m\u00e9t nagy form\u00e1tum\u00fa f\u00e9nyk\u00e9pez\u0151g\u00e9ppel k\u00e9sz\u00edtem. A 19. sz\u00e1szad v\u00e9g\u00e9n \u00e9s a 20. sz\u00e1zad elej\u00e9n munk\u00e1lkod\u00f3 mesterek mellett a kort\u00e1rs alkot\u00f3k \u00e9s tendenci\u00e1k is hat\u00e1ssal vannak r\u00e1m \u00e9s k\u00e9peimre. Tartalmilag visszat\u00e9r\u0151en foglalkozom projektjeimben a K\u00f6z\u00e9p-Kelet Eur\u00f3pai l\u00e9t saj\u00e1tos aspektusaival ill. negat\u00edv sztereot\u00edpi\u00e1kkal k\u00fczd\u0151 csoportok bemutat\u00e1s\u00e1val.<\/p><p>\u00c9rdekl\u0151d\u00e9sem k\u00f6z\u00e9ppontj\u00e1ban az egyik leg\u0151sibb technika, a nedves koll\u00f3diumos elj\u00e1r\u00e1s \u00e1ll. Ez a technika bizonyos szempontokb\u00f3l a mai napig is utol\u00e9rhetetlen. Nem k\u00edv\u00e1nok az archaiz\u00e1l\u00f3k \u00fatj\u00e1n haladni, friss, kort\u00e1rs szeml\u00e9lettel igyekszem kiakn\u00e1zni a k\u00e9pek egyedis\u00e9g\u00e9t, sokszor vegy\u00edtve az elj\u00e1r\u00e1st a digit\u00e1lis k\u00e9palkot\u00e1ssal.<\/p><p>Az alkot\u00e1s folyamat\u00e1nak minden r\u00e9sze izgat \u00e9s izgalomba hoz. Bonyolult \u00e9s \u00f6sszetett \u00e9rz\u00e9s az, ha egy felv\u00e9telt kital\u00e1lunk, ezt hosszasan \u00e9rlelj\u00fck, el\u0151k\u00e9sz\u00edtj\u00fck a hozz\u00e1 sz\u00fcks\u00e9ges anyagokat, elv\u00e9gezz\u00fck a manu\u00e1lis feladatokat, ig\u00e9nybe vessz\u00fck el\u0151deink eszk\u00f6zeit, g\u00e9peit, tud\u00e1s\u00e1t, majd csak ezek ut\u00e1n expon\u00e1lunk \u00e9s nem azonnal vissza a k\u00e9pet a k\u00e9perny\u0151n. Nekem m\u00e9g fontos a mesters\u00e9gbeli tud\u00e1s, vonz a s\u00f6t\u00e9tkamr\u00e1ban az egyed\u00fcll\u00e9t, az anyaggal val\u00f3 k\u00f6zvetlen kapcsolat, az egy \u00e9s megism\u00e9telhetetlen, ennek megfelel\u0151en a k\u00e9pek k\u00e9zben foghat\u00f3 form\u00e1ban val\u00f3l\u00e9trehoz\u00e1sa.<\/p><p>Tudom, ez ma nem egy trendi dolog.<\/p><p>Mindezt 21. sz\u00e1zadi fejjel, szemmel, l\u00e1t\u00e1sm\u00f3ddal akarom m\u0171velni figyelve a friss\u00e1ramlatokat \u00e9s haszn\u00e1lva a modern kor v\u00edvm\u00e1nyait.<\/p><p>Even as a kid I thought that its not an easy thing to create something real something true. One has to work hard to achieve that. Today as a photographer I have the same belief.<\/p><p>I accomplish most of my work in great format with cameras. Beides the masters of the end of the 19th and the beginning of the 20th century, the contemporary artists and tendencies affect my photos and me. In my projects I root back and deal in a recurring manner with the Central- Eastern European existence and its typical features and I introduce social groups fighting against being stereotyped .<\/p><p>My main focus is the archaic wet plate collodion process. This technique in some aspects is still unreplaceable and unreplaceable even by today standards and tools. My intention is not simply walk the road of those who are archaizing, quite the opposite, I am intending to utilize the uniqueness of the pictures with fresh recent approach frequently merging the archaic procedure with digital imaging technologies.<\/p><p>Every tiny bit of the process of creating excites and thrills me. It\u2019s a sophisticated and complicated feeling to imagine a picture; incubate the idea; prepare the materials for it and do the manual job with it. In the making we utilize our predecessors\u2019 tools and knowledge and just than we expose and we don\u2019t hang on the LCD. For me the craftsmanship is a value. The loneliness in the dark room, the direct contact with the material and the nature of the unrepeatable is attracting. As such the fact of creating palpable crafts one can hold in hand is mesmerizing.<\/p><p>I know its not hip and trendy today.<\/p><p>My aim is to cultivate this with a 21th century mind-set taking into consideration the latest trends and utilizing the accomplishments of the modern era.<\/p><p>\u00a0<\/p><p>\u00a0<\/p><p style=\"text-align: justify; text-justify: inter-ideograph;\">\u00a0<\/p>\t\t\t\t\t\t\t\t<\/div>\n\t\t\t\t<\/div>\n\t\t<div class=\"elementor-element elementor-element-cc0a017 e-con-full e-flex e-con e-child\" data-id=\"cc0a017\" data-element_type=\"container\" data-settings=\"{&quot;jet_parallax_layout_list&quot;:[]}\">\n\t\t\t\t<div class=\"elementor-element elementor-element-2345186 elementor-widget elementor-widget-image\" data-id=\"2345186\" data-element_type=\"widget\" data-widget_type=\"image.default\">\n\t\t\t\t\t\t\t\t\t\t\t\t\t\t\t<img decoding=\"async\" width=\"794\" height=\"1024\" src=\"https:\/\/tamasvarga.hu\/wp-content\/uploads\/2025\/10\/onarckep-794x1024.jpg\" class=\"attachment-large size-large wp-image-119\" alt=\"\" srcset=\"https:\/\/tamasvarga.hu\/wp-content\/uploads\/2025\/10\/onarckep-794x1024.jpg 794w, https:\/\/tamasvarga.hu\/wp-content\/uploads\/2025\/10\/onarckep-233x300.jpg 233w, https:\/\/tamasvarga.hu\/wp-content\/uploads\/2025\/10\/onarckep-768x990.jpg 768w, https:\/\/tamasvarga.hu\/wp-content\/uploads\/2025\/10\/onarckep-1191x1536.jpg 1191w, https:\/\/tamasvarga.hu\/wp-content\/uploads\/2025\/10\/onarckep.jpg 1551w\" sizes=\"(max-width: 794px) 100vw, 794px\" \/>\t\t\t\t\t\t\t\t\t\t\t\t\t\t\t<\/div>\n\t\t\t\t<\/div>\n\t\t\t\t\t<\/div>\n\t\t\t\t<\/div>\n\t\t\t\t<\/div>\n\t\t","protected":false},"excerpt":{"rendered":"<p>Varga Tam\u00e1s Varga Tam\u00e1s magyar fotogr\u00e1fus, legink\u00e1bb t\u00f6rt\u00e9nelmi fot\u00f3elj\u00e1r\u00e1sokkal k\u00e9sz\u00edti felv\u00e9teleit. Az ut\u00f3bbi id\u0151ben kiz\u00e1r\u00f3lag koll\u00f3diumos \u00e9s ez\u00fcst zselatinos sz\u00e1raz \u00fcveg lemez technik\u00e1kkal foglalkozik. Sz\u00e1m\u00e1ra m\u0171v\u00e9szk\u00e9nt ez az elj\u00e1r\u00e1s v\u00e1lt a f\u00e9nyk\u00e9pk\u00e9sz\u00edt\u00e9s term\u00e9szetes \u00fatj\u00e1v\u00e1. M\u0171veit 19 egy\u00e9ni, f\u00fcggetlen ki\u00e1ll\u00edt\u00e1son mutatt\u00e1k be, valamint t\u00f6bb mint 150 t\u00e1rlaton vettr\u00e9szt Magyarorsz\u00e1gon \u00e9s vil\u00e1gszerte. Sz\u00e1mos fotogr\u00e1fi\u00e1val foglalkoz\u00f3 cikk szerz\u0151je, [&hellip;]<\/p>\n","protected":false},"author":2,"featured_media":0,"parent":0,"menu_order":0,"comment_status":"closed","ping_status":"closed","template":"","meta":{"footnotes":""},"class_list":["post-117","page","type-page","status-publish","hentry"],"_links":{"self":[{"href":"https:\/\/tamasvarga.hu\/index.php?rest_route=\/wp\/v2\/pages\/117","targetHints":{"allow":["GET"]}}],"collection":[{"href":"https:\/\/tamasvarga.hu\/index.php?rest_route=\/wp\/v2\/pages"}],"about":[{"href":"https:\/\/tamasvarga.hu\/index.php?rest_route=\/wp\/v2\/types\/page"}],"author":[{"embeddable":true,"href":"https:\/\/tamasvarga.hu\/index.php?rest_route=\/wp\/v2\/users\/2"}],"replies":[{"embeddable":true,"href":"https:\/\/tamasvarga.hu\/index.php?rest_route=%2Fwp%2Fv2%2Fcomments&post=117"}],"version-history":[{"count":34,"href":"https:\/\/tamasvarga.hu\/index.php?rest_route=\/wp\/v2\/pages\/117\/revisions"}],"predecessor-version":[{"id":483,"href":"https:\/\/tamasvarga.hu\/index.php?rest_route=\/wp\/v2\/pages\/117\/revisions\/483"}],"wp:attachment":[{"href":"https:\/\/tamasvarga.hu\/index.php?rest_route=%2Fwp%2Fv2%2Fmedia&parent=117"}],"curies":[{"name":"wp","href":"https:\/\/api.w.org\/{rel}","templated":true}]}}